{"id":431,"date":"2016-10-10T19:14:46","date_gmt":"2016-10-10T18:14:46","guid":{"rendered":"http:\/\/dominicaineslangeac.fr\/?page_id=431"},"modified":"2026-01-19T14:49:20","modified_gmt":"2026-01-19T13:49:20","slug":"moniales-dominicaines","status":"publish","type":"page","link":"https:\/\/dominicaineslangeac.fr\/index.php\/regle-de-vie\/moniales-dominicaines\/","title":{"rendered":"Moniales dominicaines"},"content":{"rendered":"<p class=\"paragraph_style_1\"><a href=\"https:\/\/i0.wp.com\/dominicaineslangeac.fr\/wp-content\/uploads\/2020\/06\/cte-compl%C3%A8te-juin-2020.jpg\"><img data-recalc-dims=\"1\" loading=\"lazy\" decoding=\"async\" data-attachment-id=\"3184\" data-permalink=\"https:\/\/dominicaineslangeac.fr\/index.php\/regle-de-vie\/moniales-dominicaines\/cte-complete-juin-2020\/\" data-orig-file=\"https:\/\/i0.wp.com\/dominicaineslangeac.fr\/wp-content\/uploads\/2020\/06\/cte-compl%C3%A8te-juin-2020.jpg?fit=1280%2C960&amp;ssl=1\" data-orig-size=\"1280,960\" data-comments-opened=\"0\" data-image-meta=\"{&quot;aperture&quot;:&quot;0&quot;,&quot;credit&quot;:&quot;&quot;,&quot;camera&quot;:&quot;&quot;,&quot;caption&quot;:&quot;&quot;,&quot;created_timestamp&quot;:&quot;0&quot;,&quot;copyright&quot;:&quot;&quot;,&quot;focal_length&quot;:&quot;0&quot;,&quot;iso&quot;:&quot;0&quot;,&quot;shutter_speed&quot;:&quot;0&quot;,&quot;title&quot;:&quot;&quot;,&quot;orientation&quot;:&quot;0&quot;}\" data-image-title=\"cte compl\u00e8te juin 2020\" data-image-description=\"\" data-image-caption=\"\" data-large-file=\"https:\/\/i0.wp.com\/dominicaineslangeac.fr\/wp-content\/uploads\/2020\/06\/cte-compl%C3%A8te-juin-2020.jpg?fit=700%2C525&amp;ssl=1\" class=\"alignnone size-full wp-image-3184\" src=\"https:\/\/i0.wp.com\/dominicaineslangeac.fr\/wp-content\/uploads\/2020\/06\/cte-compl%C3%A8te-juin-2020.jpg?resize=1170%2C878\" alt=\"\" width=\"1170\" height=\"878\" srcset=\"https:\/\/i0.wp.com\/dominicaineslangeac.fr\/wp-content\/uploads\/2020\/06\/cte-compl%C3%A8te-juin-2020.jpg?w=1280&amp;ssl=1 1280w, https:\/\/i0.wp.com\/dominicaineslangeac.fr\/wp-content\/uploads\/2020\/06\/cte-compl%C3%A8te-juin-2020.jpg?resize=300%2C225&amp;ssl=1 300w, https:\/\/i0.wp.com\/dominicaineslangeac.fr\/wp-content\/uploads\/2020\/06\/cte-compl%C3%A8te-juin-2020.jpg?resize=700%2C525&amp;ssl=1 700w, https:\/\/i0.wp.com\/dominicaineslangeac.fr\/wp-content\/uploads\/2020\/06\/cte-compl%C3%A8te-juin-2020.jpg?resize=768%2C576&amp;ssl=1 768w\" sizes=\"auto, (max-width: 1170px) 100vw, 1170px\" \/><\/a><\/p>\n<hr \/>\n<p class=\"paragraph_style_1\"><span style=\"font-size: 12pt;\">Nous sommes douze moniales dominicaines vivant dans un monast\u00e8re \u00e0 Langeac en Auvergne. Nous appartenons \u00e0 l\u2019Ordre des Pr\u00eacheurs, un Ordre religieux au sein de l\u2019\u00c9glise Catholique.<\/span><\/p>\n<p class=\"paragraph_style_1\"><span style=\"font-size: 12pt;\">Ce site pr\u00e9sente notre vie, nos activit\u00e9s et comment vous pouvez apprendre \u00e0 nous connaitre.<\/span><\/p>\n<hr \/>\n<h2 class=\"paragraph_style_2\">Le propos fondamental<span class=\"style\"><br \/><\/span><\/h2>\n<p class=\"paragraph_style_3\"><span class=\"style_1\"><br \/>Les moniales de l\u2019Ordre des Pr\u00eacheurs ont pris naissance quand le bienheureux Dominique rassembla dans le monast\u00e8re de Ste. Marie de Prouille des femmes converties par la foi catholique, ne s\u2019occupant que de Dieu, associ\u00e9es par la pri\u00e8re et la p\u00e9nitence \u00e0 sa \u00ab Sainte Pr\u00e9dication \u00bb\u2026<\/span><\/p>\n<p><span class=\"style_1\">Fr\u00e8res et moniales, par leur genre de vie, tendent vers une parfaite charit\u00e9 envers Dieu et envers le prochain, qui les am\u00e8ne effectivement \u00e0 s\u2019inqui\u00e9ter du salut des hommes\u2026 diverses sont les gr\u00e2ces, avec pourtant le m\u00eame Esprit, une unique charit\u00e9, une unique mis\u00e9ricorde. Aux fr\u00e8res, aux s\u0153urs et aux la\u00efcs de l\u2019Ordre de \u00ab\u00a0proclamer par le monde la bonne nouvelle du Nom de Notre Seigneur J\u00e9sus Christ\u00a0\u00bb, aux moniales, de Le chercher, de penser \u00e0 Lui, de L\u2019invoquer \u2013 dans le secret \u2013 , afin que la Parole qui sort de la bouche de Dieu ne Lui revienne pas sans fruit, mais accomplisse en pl\u00e9nitude ce pour quoi Il l\u2019a envoy\u00e9e (cf. Is 55,10)\u2026<\/span><\/p>\n<p><span class=\"style_1\"><img data-recalc-dims=\"1\" height=\"525\" width=\"700\" decoding=\"async\" src=\"https:\/\/i0.wp.com\/dominicaineslangeac.fr\/wp-content\/uploads\/2024\/02\/Monastere-Dominicaines-Langeac-43-700x525.jpg?resize=700%2C525\" alt=\"L\u2019attribut alt de cette image est vide, son nom de fichier est Monastere-Dominicaines-Langeac-43-700x525.jpg.\" \/><br \/><\/span><\/p>\n<p class=\"paragraph_style_3\"><span class=\"style_1\">Imitant l\u2019Eglise de J\u00e9rusalem rassembl\u00e9e par l\u2019enseignement des Ap\u00f4tres et unanime chaque jour dans la pri\u00e8re (cf. Act 2,42), les moniales, principalement par la c\u00e9l\u00e9bration de la liturgie, offrent devant Dieu le sacrifice de louange. Pers\u00e9v\u00e9rant dans la pri\u00e8re avec Marie M\u00e8re de J\u00e9sus elles aspirent ardemment \u00e0 la pl\u00e9nitude de l\u2019Esprit-Saint afin que, le visage d\u00e9couvert elles refl\u00e8tent la gloire du Seigneur et soient transform\u00e9es \u00e0 son image, de clart\u00e9 en clart\u00e9, comme par son Esprit (cf. 2 Cor 3,18).<br \/><\/span><\/p>\n<p class=\"paragraph_style_3\"><span class=\"style_1\">Vivant sous une m\u00eame r\u00e8gle une vie purement contemplative, se maintenant en retrait du monde par la cl\u00f4ture et le silence, empress\u00e9es au travail, ferventes dans l\u2019\u00e9tude de la v\u00e9rit\u00e9, scrutant d\u2019un c\u0153ur br\u00fblant les \u00c9critures, assidues \u00e0 la pri\u00e8re, all\u00e8gres dans la p\u00e9nitence, avec une conscience pure, joyeuses de leur concorde fraternelle, \u00ab\u00a0dans la libert\u00e9 de l\u2019Esprit\u00a0\u00bb elles cherchent le Dieu qui maintenant les fait habiter unanimes dans leurs demeure et qui, au dernier jour, rassemblera dans la sainte Cit\u00e9 le peuple qu\u2019il s\u2019est acquis. Au c\u0153ur de l\u2019Eglise, leur croissance dans la charit\u00e9 est myst\u00e9rieusement f\u00e9conde pour le d\u00e9veloppement du peuple de Dieu ; leur vie cach\u00e9e elle-m\u00eame est une annonce proph\u00e9tique du Christ comme l\u2019unique b\u00e9atitude, aujourd\u2019hui par la gr\u00e2ce, demain par la gloire.<\/span><\/p>\n<p class=\"paragraph_style_3\"><span class=\"style_1\">\u00a0<\/span><\/p>\n\n\n<p><\/p>\n","protected":false},"excerpt":{"rendered":"<p>Nous sommes douze moniales dominicaines vivant dans un monast\u00e8re \u00e0 Langeac en Auvergne. Nous appartenons \u00e0 l\u2019Ordre des Pr\u00eacheurs, un Ordre religieux au sein de l\u2019\u00c9glise Catholique. Ce site pr\u00e9sente notre vie, nos activit\u00e9s et comment vous pouvez apprendre \u00e0 nous connaitre. Le propos fondamental Les moniales de l\u2019Ordre des Pr\u00eacheurs ont pris naissance quand [&hellip;]<\/p>\n","protected":false},"author":1,"featured_media":3188,"parent":55,"menu_order":3,"comment_status":"closed","ping_status":"closed","template":"","meta":{"advanced_seo_description":"","jetpack_seo_html_title":"","jetpack_seo_noindex":false,"jetpack_post_was_ever_published":false,"footnotes":""},"class_list":["post-431","page","type-page","status-publish","has-post-thumbnail","czr-hentry"],"jetpack_sharing_enabled":true,"jetpack_shortlink":"https:\/\/wp.me\/P7P1cC-6X","jetpack-related-posts":[{"id":80,"url":"https:\/\/dominicaineslangeac.fr\/index.php\/liens\/","url_meta":{"origin":431,"position":0},"title":"Liens","author":"Monast\u00e8re Ste Catherine","date":"20 ao\u00fbt 2016","format":false,"excerpt":"Liens dominicains F\u00e9d\u00e9ration Notre Dame des Pr\u00eacheurs (Moniales dominicaines fran\u00e7aies) Ordre des Pr\u00eacheurs Dominicains de la Province de France Dominicains de la Province de Toulouse Dominicaines du Puy Fraternit\u00e9s La\u00efques Dominicaines La retraite dans la ville D'autres liens catholiques Service des Moniales Aelf Conf\u00e9rence des Ev\u00eaques Dioc\u00e8se du Puy Historial\u2026","rel":"","context":"Article similaire","block_context":{"text":"Article similaire","link":""},"img":{"alt_text":"Christ de m\u00e8re Agn\u00e8s","src":"https:\/\/i0.wp.com\/dominicaineslangeac.fr\/wp-content\/uploads\/2016\/08\/Christ-de-m%C3%A8re-Agn%C3%A8s-695x1024.jpg?resize=350%2C200","width":350,"height":200},"classes":[]},{"id":429,"url":"https:\/\/dominicaineslangeac.fr\/index.php\/regle-de-vie\/ordre-dominicain\/","url_meta":{"origin":431,"position":1},"title":"Ordre dominicain","author":"Monast\u00e8re Ste Catherine","date":"10 octobre 2016","format":false,"excerpt":"A la suite de saint Dominique N\u00e9 au XIIIe si\u00e8cle du d\u00e9sir br\u00fblant de saint Dominique de \u00ab\u00a0se donner tout entier au salut des hommes comme le Christ l\u2019a fait lui-m\u00eame\u00a0\u00bb, l\u2019Ordre des Pr\u00eacheurs est au service de l\u2019annonce de la Parole de Dieu et de la V\u00e9rit\u00e9 de l\u2019\u00c9vangile.\u2026","rel":"","context":"Article similaire","block_context":{"text":"Article similaire","link":""},"img":{"alt_text":"","src":"https:\/\/i0.wp.com\/dominicaineslangeac.fr\/wp-content\/uploads\/2016\/10\/Statue-St-Dom-encadre-182x300.jpg?resize=350%2C200","width":350,"height":200},"classes":[]},{"id":418,"url":"https:\/\/dominicaineslangeac.fr\/index.php\/agnes-de-langeac\/la-vie-dagnes-de-langeac\/","url_meta":{"origin":431,"position":2},"title":"La vie de la bienheureuse Agn\u00e8s","author":"Monast\u00e8re Ste Catherine","date":"10 octobre 2016","format":false,"excerpt":"\u00a0Fond\u00e9e en 1623, la communaut\u00e9 compte parmi ses fondatrices une jeune fille du Puy en Velay, s\u0153ur Agn\u00e8s de J\u00e9sus Galand. N\u00e9e le 17 novembre 1602, elle est re\u00e7ue dans l\u2019Ordre de saint Dominique, comme tertiaire, en 1621. Elle aime \u00e0 entourer les futures mamans de sa sollicitude. En 1623,\u2026","rel":"","context":"Article similaire","block_context":{"text":"Article similaire","link":""},"img":{"alt_text":"","src":"https:\/\/i0.wp.com\/dominicaineslangeac.fr\/wp-content\/uploads\/2016\/10\/Bse-Agn%C3%A8s-de-Langeac-207x300.jpg?resize=350%2C200","width":350,"height":200},"classes":[]},{"id":21,"url":"https:\/\/dominicaineslangeac.fr\/index.php\/nos-activites\/magasin\/","url_meta":{"origin":431,"position":3},"title":"Magasin","author":"Monast\u00e8re Ste Catherine","date":"20 ao\u00fbt 2016","format":false,"excerpt":"Vente sur place ou par correspondance Ic\u00f4nes coll\u00e9es Plusieurs formats : 7\u20ac - 28\u20ac Cartes personnalis\u00e9es Merci Anniversaires Citations Bienheureuse Agn\u00e8s Avec enveloppe : 2,50 \u20ac Chapelets et rosaires Dizainier : 3,20 \u20ac - 6,30 \u20ac Chapelet : 8,40 \u20ac Rosaire : 15 \u20ac Livres Sur Agn\u00e8s de Langeac M\u00e9moires\u2026","rel":"","context":"Article similaire","block_context":{"text":"Article similaire","link":""},"img":{"alt_text":"","src":"https:\/\/i0.wp.com\/dominicaineslangeac.fr\/wp-content\/uploads\/2016\/08\/magasin-700x413.jpg?resize=350%2C200","width":350,"height":200,"srcset":"https:\/\/i0.wp.com\/dominicaineslangeac.fr\/wp-content\/uploads\/2016\/08\/magasin-700x413.jpg?resize=350%2C200 1x, https:\/\/i0.wp.com\/dominicaineslangeac.fr\/wp-content\/uploads\/2016\/08\/magasin-700x413.jpg?resize=525%2C300 1.5x, https:\/\/i0.wp.com\/dominicaineslangeac.fr\/wp-content\/uploads\/2016\/08\/magasin-700x413.jpg?resize=700%2C400 2x"},"classes":[]},{"id":67,"url":"https:\/\/dominicaineslangeac.fr\/index.php\/aamdl\/","url_meta":{"origin":431,"position":4},"title":"AAMDL","author":"Monast\u00e8re Ste Catherine","date":"20 ao\u00fbt 2016","format":false,"excerpt":"r L'Association des Amis des Moniales Dominicaines de Langeac L\u2019association est ouverte \u00e0 tous ceux qui veulent aider les s\u0153urs \u00e0 poursuivre leur mission : maintenir vivante la vie monastique dominicaine en Auvergne et promouvoir l\u2019h\u00e9ritage spirituel de la Bienheureuse Agn\u00e8s de J\u00e9sus. Elle a pour objet de d\u00e9velopper et\u2026","rel":"","context":"Article similaire","block_context":{"text":"Article similaire","link":""},"img":{"alt_text":"","src":"https:\/\/i0.wp.com\/dominicaineslangeac.fr\/wp-content\/uploads\/2016\/08\/AAMDL_LogoHoriz_Quadri-2-court-.jpg?fit=596%2C650&ssl=1&resize=350%2C200","width":350,"height":200,"srcset":"https:\/\/i0.wp.com\/dominicaineslangeac.fr\/wp-content\/uploads\/2016\/08\/AAMDL_LogoHoriz_Quadri-2-court-.jpg?fit=596%2C650&ssl=1&resize=350%2C200 1x, https:\/\/i0.wp.com\/dominicaineslangeac.fr\/wp-content\/uploads\/2016\/08\/AAMDL_LogoHoriz_Quadri-2-court-.jpg?fit=596%2C650&ssl=1&resize=525%2C300 1.5x"},"classes":[]},{"id":6443,"url":"https:\/\/dominicaineslangeac.fr\/index.php\/jubile-2023\/priere-du-jubile\/","url_meta":{"origin":431,"position":5},"title":"Pri\u00e8re du Jubil\u00e9","author":"MONASTERE","date":"29 d\u00e9cembre 2022","format":false,"excerpt":"Dieu de Mis\u00e9ricorde,dans ta sagesse \u00e9ternelle, tu as appel\u00e9 ton serviteur Dominique\u00e0 se mettre en route dans la foi, comme p\u00e8lerin itin\u00e9rantet pr\u00e9dicateur de la gr\u00e2ce. Il d\u00e9sira associer \u00e0 la Sainte Pr\u00e9dication nos premi\u00e8res s\u0153urs moniales,en leur confiant de chercher le Seigneur, de penser \u00e0 Lui,de l\u2019invoquer dans le\u2026","rel":"","context":"Article similaire","block_context":{"text":"Article similaire","link":""},"img":{"alt_text":"","src":"https:\/\/i0.wp.com\/dominicaineslangeac.fr\/wp-content\/uploads\/2023\/01\/DSC00077-scaled.jpg?resize=350%2C200","width":350,"height":200},"classes":[]}],"_links":{"self":[{"href":"https:\/\/dominicaineslangeac.fr\/index.php\/wp-json\/wp\/v2\/pages\/431","targetHints":{"allow":["GET"]}}],"collection":[{"href":"https:\/\/dominicaineslangeac.fr\/index.php\/wp-json\/wp\/v2\/pages"}],"about":[{"href":"https:\/\/dominicaineslangeac.fr\/index.php\/wp-json\/wp\/v2\/types\/page"}],"author":[{"embeddable":true,"href":"https:\/\/dominicaineslangeac.fr\/index.php\/wp-json\/wp\/v2\/users\/1"}],"replies":[{"embeddable":true,"href":"https:\/\/dominicaineslangeac.fr\/index.php\/wp-json\/wp\/v2\/comments?post=431"}],"version-history":[{"count":27,"href":"https:\/\/dominicaineslangeac.fr\/index.php\/wp-json\/wp\/v2\/pages\/431\/revisions"}],"predecessor-version":[{"id":20186,"href":"https:\/\/dominicaineslangeac.fr\/index.php\/wp-json\/wp\/v2\/pages\/431\/revisions\/20186"}],"up":[{"embeddable":true,"href":"https:\/\/dominicaineslangeac.fr\/index.php\/wp-json\/wp\/v2\/pages\/55"}],"wp:featuredmedia":[{"embeddable":true,"href":"https:\/\/dominicaineslangeac.fr\/index.php\/wp-json\/wp\/v2\/media\/3188"}],"wp:attachment":[{"href":"https:\/\/dominicaineslangeac.fr\/index.php\/wp-json\/wp\/v2\/media?parent=431"}],"curies":[{"name":"wp","href":"https:\/\/api.w.org\/{rel}","templated":true}]}}